{"id":17376,"date":"2022-07-05T22:46:09","date_gmt":"2022-07-05T20:46:09","guid":{"rendered":"https:\/\/www.eps-asds.ch\/eps-asds\/historisch\/"},"modified":"2022-07-06T10:10:43","modified_gmt":"2022-07-06T08:10:43","slug":"historisch","status":"publish","type":"page","link":"https:\/\/www.eps-asds.ch\/de\/eps-asds\/historisch\/","title":{"rendered":"Historisch"},"content":{"rendered":"<div class=\"wpb-content-wrapper\"><p>[vc_row css_animation=&#8220;&#8220; row_type=&#8220;row&#8220; use_row_as_full_screen_section=&#8220;no&#8220; type=&#8220;grid&#8220; angled_section=&#8220;no&#8220; text_align=&#8220;left&#8220; background_image_as_pattern=&#8220;without_pattern&#8220; padding_top=&#8220;89&#8243; padding_bottom=&#8220;47&#8243; z_index=&#8220;&#8220;][vc_column width=&#8220;1\/2&#8243;][vc_column_text]<\/p>\n<h2>Wer sind wir?<\/h2>\n<p>&nbsp;<\/p>\n<p>Wir sind die schweizerische Organisation, die erwachsene Pfadfinderinnen und Pfadfinder beiderlei Geschlechts und jeden Alters zusammenf\u00fchrt, die seit langem im Bund Schweizerischer Pfadfinderinnen, dem Schweizerischen Pfadfinderverband oder der Schweizerischen Pfadfinderbewegung t\u00e4tig sind. Einige sind noch aktiv. Andere stehen der Pfadfinderbewegung nahe.<\/p>\n<p>Wir sind Mitglieder der Weltorganisation ehemaliger Pfadfinder und ehemaliger Pfadfinder: AISG (L&#8217;Amiti\u00e9 internationale des scouts et guides) oder ISGF (The International Scout and Guide Fellowship), eine Organisation mit Sitz in Br\u00fcssel.<\/p>\n<p>Dar\u00fcber hinaus sind wir die Dachorganisation f\u00fcr lokale Alumni-Gruppen (AGs).<\/p>\n<p>Der Beitritt ist als Einzelmitglied (Zentralsektion), als Mitglied einer der beiden kantonalen Sektionen (VD, ZH) oder bei einer Alumni-Gruppe als Kollektivmitglied m\u00f6glich.<\/p>\n<p>&nbsp;<\/p>\n<h2>Was wollen wir?<\/h2>\n<p>&nbsp;<\/p>\n<p>Nach dem Grundsatz \u201eEinmal Pfadfinder, immer Pfadfinder\u201c wollen wir die Verbindung zwischen erwachsenen Pfadfindern herstellen und ihnen helfen, das Pfadfinderideal in den Alltag zu \u00fcbersetzen.<\/p>\n<p>In der \u00f6ffentlichen Meinung wollen wir die Stimme der erwachsenen Pfadfinder sein.<\/p>\n<p>Wir wollen eine Br\u00fccke zwischen erwachsenen Pfadfindern und der aktiven Bewegung sein.<\/p>\n<p>Wir wollen die Verm\u00f6gensbewegung unterst\u00fctzen.<\/p>\n<p>Wir wollen uns mit erwachsenen Pfadfindern aus anderen L\u00e4ndern und mit der Weltorganisation ISGF, die alle nationalen Verb\u00e4nde von erwachsenen Pfadfindern vereint, vernetzen.<\/p>\n<p>&nbsp;<\/p>\n<h2>Was machen wir?<\/h2>\n<p>&nbsp;<\/p>\n<p>Wir organisieren Veranstaltungen f\u00fcr unsere Mitglieder.<\/p>\n<p>Wir ver\u00f6ffentlichen INFO, ein periodisches Informationsbulletin.<\/p>\n<p>Wir entsenden Delegationen zu Veranstaltungen der aktiven Bewegung und Pfadfinderorganisationen.<\/p>\n<p>Wir erm\u00f6glichen unseren Mitgliedern die Teilnahme an internationalen Treffen.<\/p>\n<p>Wir unterst\u00fctzen Pfadfinderprojekte und beteiligen uns an deren Finanzierung.<\/p>\n<p>Wir helfen, neue lokale Organisationen ehemaliger Pfadfinder zu gr\u00fcnden.<\/p>\n<p>Wir verfolgen die Entwicklung der Verm\u00f6gensbewegung und bieten Unterst\u00fctzung auf allen Ebenen.<\/p>\n<p>Wir tragen dazu bei, die \u00d6ffentlichkeit \u00fcber die Pfadfinderbewegung zu informieren[\/vc_column_text][vc_empty_space height=&#8220;70px&#8220;][\/vc_column][vc_column width=&#8220;1\/2&#8243; css=&#8220;.vc_custom_1597830150210{border-radius: 1px !important;}&#8220;][qode_elements_holder number_of_columns=&#8220;one_column&#8220;][qode_elements_holder_item background_color=&#8220;#d6e8ff&#8220; item_padding=&#8220;25px&#8220; vertical_alignment=&#8220;top&#8220; horizontal_alignment=&#8220;left&#8220; advanced_animations=&#8220;no&#8220;][vc_column_text]<\/p>\n<h2>Wie wird man Mitglied?<\/h2>\n<p>&nbsp;<\/p>\n<p>Wir freuen uns \u00fcber alle erwachsenen Pfadfinderinnen und erwachsenen Pfadfinder, die sich unseren Reihen anschlie\u00dfen m\u00f6chten.<\/p>\n<p>Mit dem Geld aus den Beitr\u00e4gen (Fr. 25.- f\u00fcr die Zentralsektion, unterschiedlicher Betrag je nach kantonaler Sektion, f\u00fcr Kollektivmitglieder Fr. 50.-) k\u00f6nnen wir Pfadfinderarbeiten unterst\u00fctzen.<\/p>\n<p>Wir freuen uns, dass einige unserer Mitglieder eine Geb\u00fchr innerhalb unseres Vereins \u00fcbernehmen.<\/p>\n<p>Wir sind auch allen dankbar, die durch ihre Mitgliedschaft und ihren Beitrag unsere Ideen und unsere Bem\u00fchungen unterst\u00fctzen.[\/vc_column_text][vc_empty_space][vc_single_image image=&#8220;16003&#8243; img_size=&#8220;full&#8220; qode_css_animation=&#8220;&#8220;][vc_separator type=&#8220;transparent&#8220; up=&#8220;30&#8243; down=&#8220;0&#8243;]<a  itemprop=\"url\" href=\"\/de\/kontakt\" target=\"_self\"  class=\"qbutton  large center default\" style=\"\">Werden Sie ASDS-Mitglied<\/a>[\/qode_elements_holder_item][\/qode_elements_holder][\/vc_column][\/vc_row]<\/p>\n<\/div>","protected":false},"excerpt":{"rendered":"<p>[vc_row css_animation=&#8220;&#8220; row_type=&#8220;row&#8220; use_row_as_full_screen_section=&#8220;no&#8220; type=&#8220;grid&#8220; angled_section=&#8220;no&#8220; text_align=&#8220;left&#8220; background_image_as_pattern=&#8220;without_pattern&#8220; padding_top=&#8220;89&#8243; padding_bottom=&#8220;47&#8243; z_index=&#8220;&#8220;][vc_column width=&#8220;1\/2&#8243;][vc_column_text] Wer sind wir? &nbsp; Wir sind die schweizerische Organisation, die erwachsene Pfadfinderinnen und Pfadfinder beiderlei Geschlechts und jeden Alters zusammenf\u00fchrt, die seit langem im Bund Schweizerischer Pfadfinderinnen, dem Schweizerischen Pfadfinderverband oder der Schweizerischen Pfadfinderbewegung t\u00e4tig sind. Einige sind noch aktiv. Andere stehen der Pfadfinderbewegung nahe. Wir sind Mitglieder der Weltorganisation ehemaliger Pfadfinder und ehemaliger Pfadfinder: AISG (L&#8217;Amiti\u00e9 internationale des scouts et guides) oder ISGF (The International Scout and Guide Fellowship), eine Organisation mit Sitz in Br\u00fcssel. Dar\u00fcber hinaus sind wir die Dachorganisation f\u00fcr lokale Alumni-Gruppen (AGs). Der Beitritt ist als Einzelmitglied (Zentralsektion), als Mitglied einer der beiden kantonalen Sektionen (VD, ZH) oder bei einer Alumni-Gruppe als Kollektivmitglied m\u00f6glich. &nbsp; Was wollen wir? &nbsp; Nach dem Grundsatz \u201eEinmal Pfadfinder, immer Pfadfinder\u201c wollen wir die Verbindung zwischen erwachsenen Pfadfindern herstellen und ihnen helfen, das Pfadfinderideal in den Alltag zu \u00fcbersetzen&#8230;.<\/p>\n","protected":false},"author":3,"featured_media":0,"parent":17208,"menu_order":2,"comment_status":"closed","ping_status":"closed","template":"","meta":{"inline_featured_image":false,"footnotes":""},"class_list":["post-17376","page","type-page","status-publish","hentry"],"_links":{"self":[{"href":"https:\/\/www.eps-asds.ch\/de\/wp-json\/wp\/v2\/pages\/17376","targetHints":{"allow":["GET"]}}],"collection":[{"href":"https:\/\/www.eps-asds.ch\/de\/wp-json\/wp\/v2\/pages"}],"about":[{"href":"https:\/\/www.eps-asds.ch\/de\/wp-json\/wp\/v2\/types\/page"}],"author":[{"embeddable":true,"href":"https:\/\/www.eps-asds.ch\/de\/wp-json\/wp\/v2\/users\/3"}],"replies":[{"embeddable":true,"href":"https:\/\/www.eps-asds.ch\/de\/wp-json\/wp\/v2\/comments?post=17376"}],"version-history":[{"count":6,"href":"https:\/\/www.eps-asds.ch\/de\/wp-json\/wp\/v2\/pages\/17376\/revisions"}],"predecessor-version":[{"id":17396,"href":"https:\/\/www.eps-asds.ch\/de\/wp-json\/wp\/v2\/pages\/17376\/revisions\/17396"}],"up":[{"embeddable":true,"href":"https:\/\/www.eps-asds.ch\/de\/wp-json\/wp\/v2\/pages\/17208"}],"wp:attachment":[{"href":"https:\/\/www.eps-asds.ch\/de\/wp-json\/wp\/v2\/media?parent=17376"}],"curies":[{"name":"wp","href":"https:\/\/api.w.org\/{rel}","templated":true}]}}