{"id":17229,"date":"2021-07-30T14:59:16","date_gmt":"2021-07-30T12:59:16","guid":{"rendered":"https:\/\/www.eps-asds.ch\/international\/"},"modified":"2022-06-24T22:47:17","modified_gmt":"2022-06-24T20:47:17","slug":"international","status":"publish","type":"page","link":"https:\/\/www.eps-asds.ch\/de\/aisg-isgf\/international\/","title":{"rendered":"Nationale Freundschaften"},"content":{"rendered":"<div class=\"wpb-content-wrapper\"><p>[vc_row css_animation=&#8220;&#8220; row_type=&#8220;row&#8220; use_row_as_full_screen_section=&#8220;no&#8220; type=&#8220;grid&#8220; angled_section=&#8220;no&#8220; text_align=&#8220;left&#8220; background_image_as_pattern=&#8220;without_pattern&#8220; z_index=&#8220;&#8220;][vc_column][vc_empty_space height=&#8220;50px&#8220;][vc_column_text]Finden Sie hier die neusten Informationen der ISGF-AISG[\/vc_column_text][vc_empty_space height=&#8220;25px&#8220;]\n<div class='latest_post_holder image_on_the_left_boxed  ' >\n    <ul>\n    <li class=\"clearfix \">\n    <div class=\"latest_post\">\n        <div class=\"latest_post_image clearfix\">\n            <a itemprop=\"url\" href=\"https:\/\/www.eps-asds.ch\/de\/tag-der-freundschaft-25-oktober-2025\/\">\n                                <img decoding=\"async\" itemprop=\"image\" src=\"https:\/\/www.eps-asds.ch\/wp-content\/uploads\/2020\/05\/cor_KQ2A8133AV-150x150.jpg\" alt=\"\" \/>\n            <\/a>\n        <\/div>\n        <div class=\"latest_post_text\">\n            <div class=\"latest_post_inner\">\n                <div class=\"latest_post_text_inner\">\n                                                                <span class=\"date_hour_holder\">\n                                <span itemprop=\"dateCreated\" class=\"date entry_date updated\">10.11.2025 <meta itemprop=\"interactionCount\" content=\"UserComments: 0\"\/><\/span>\n                            <\/span>\n                                        <h3 itemprop=\"name\" class=\"latest_post_title entry_title\"><a itemprop=\"url\" href=\"https:\/\/www.eps-asds.ch\/de\/tag-der-freundschaft-25-oktober-2025\/\">Tag der Freundschaft &#8211; 25. Oktober 2025<\/a><\/h3>\n                    <p itemprop=\"description\" class=\"excerpt\">Liebe Freundinnen und Freunde, Herzlichen Gl\u00fcckwunsch an uns alle! Ein weiteres Jahr ist vergangen, und wir sind wieder zusammengekommen, um den Tag der Freundschaft zu feiern, eine Zeit, um innezuhalten und \u00fcber unser Leben als Pfadfinder nachzudenken. Es ist ein Tag, um mit Freunden und Gleichaltrigen zu feiern; um die Gegenwart zu leben, zu atmen, sich an die Vergangenheit zu erinnern und an die Zukunft zu denken &#8211; die Zukunft unseres Lebens, unserer Organisation und unserer Welt. Der Tag der Freundschaft ist auch ein Moment, um noch tiefer zu erkennen, was unsere Welt durchmacht, und um dar\u00fcber nachzudenken, was wir als erwachsene Pfadfinder und Guides, als B\u00fcrger der Welt, tun k\u00f6nnen, um sie zu verbessern. Ver\u00e4nderungen geschehen schneller als je zuvor, und wir alle m\u00fcssen uns anpassen. Dennoch d\u00fcrfen wir nicht vergessen, was uns bis hierher gef\u00fchrt hat: die Prinzipien und das Gesetz der Pfadfinder und Pfadfinderinnen. Respekt f\u00fcr andere......<\/p>\n                    <span class=\"post_infos\">\n\n                        \n                        \n                        \n\n                    <\/span>\n                <\/div>\n            <\/div>\n        <\/div>\n    <\/div>\n<\/li>\n        <li class=\"clearfix \">\n    <div class=\"latest_post\">\n        <div class=\"latest_post_image clearfix\">\n            <a itemprop=\"url\" href=\"https:\/\/www.eps-asds.ch\/de\/botschaft-des-heiligen-georg\/\">\n                                <img decoding=\"async\" itemprop=\"image\" src=\"https:\/\/www.eps-asds.ch\/wp-content\/uploads\/2020\/02\/ISGF_logo_blue_red_12mm-150x150.jpg\" alt=\"\" \/>\n            <\/a>\n        <\/div>\n        <div class=\"latest_post_text\">\n            <div class=\"latest_post_inner\">\n                <div class=\"latest_post_text_inner\">\n                                                                <span class=\"date_hour_holder\">\n                                <span itemprop=\"dateCreated\" class=\"date entry_date updated\">23.04.2025 <meta itemprop=\"interactionCount\" content=\"UserComments: 0\"\/><\/span>\n                            <\/span>\n                                        <h3 itemprop=\"name\" class=\"latest_post_title entry_title\"><a itemprop=\"url\" href=\"https:\/\/www.eps-asds.ch\/de\/botschaft-des-heiligen-georg\/\">Botschaft des Heiligen Georg<\/a><\/h3>\n                    <p itemprop=\"description\" class=\"excerpt\">...<\/p>\n                    <span class=\"post_infos\">\n\n                        \n                        \n                        \n\n                    <\/span>\n                <\/div>\n            <\/div>\n        <\/div>\n    <\/div>\n<\/li>\n        <li class=\"clearfix \">\n    <div class=\"latest_post\">\n        <div class=\"latest_post_image clearfix\">\n            <a itemprop=\"url\" href=\"https:\/\/www.eps-asds.ch\/de\/news-from-europe-nr-9-june-2024\/\">\n                                <img decoding=\"async\" itemprop=\"image\" src=\"https:\/\/www.eps-asds.ch\/wp-content\/uploads\/2022\/11\/Logo-ISGF-AISG-Europe-150x150.jpg\" alt=\"\" \/>\n            <\/a>\n        <\/div>\n        <div class=\"latest_post_text\">\n            <div class=\"latest_post_inner\">\n                <div class=\"latest_post_text_inner\">\n                                                                <span class=\"date_hour_holder\">\n                                <span itemprop=\"dateCreated\" class=\"date entry_date updated\">12.06.2024 <meta itemprop=\"interactionCount\" content=\"UserComments: 0\"\/><\/span>\n                            <\/span>\n                                        <h3 itemprop=\"name\" class=\"latest_post_title entry_title\"><a itemprop=\"url\" href=\"https:\/\/www.eps-asds.ch\/de\/news-from-europe-nr-9-june-2024\/\">News from Europe Nr. 9 June 2024<\/a><\/h3>\n                    <p itemprop=\"description\" class=\"excerpt\">Herunterladen des Newsletter Nr. 9 &#8211; Juni 2024...<\/p>\n                    <span class=\"post_infos\">\n\n                        \n                        \n                        \n\n                    <\/span>\n                <\/div>\n            <\/div>\n        <\/div>\n    <\/div>\n<\/li>\n        <li class=\"clearfix \">\n    <div class=\"latest_post\">\n        <div class=\"latest_post_image clearfix\">\n            <a itemprop=\"url\" href=\"https:\/\/www.eps-asds.ch\/de\/news-from-europe-nr-8-april-2024\/\">\n                                <img decoding=\"async\" itemprop=\"image\" src=\"https:\/\/www.eps-asds.ch\/wp-content\/uploads\/2022\/11\/Logo-ISGF-AISG-Europe-150x150.jpg\" alt=\"\" \/>\n            <\/a>\n        <\/div>\n        <div class=\"latest_post_text\">\n            <div class=\"latest_post_inner\">\n                <div class=\"latest_post_text_inner\">\n                                                                <span class=\"date_hour_holder\">\n                                <span itemprop=\"dateCreated\" class=\"date entry_date updated\">11.06.2024 <meta itemprop=\"interactionCount\" content=\"UserComments: 0\"\/><\/span>\n                            <\/span>\n                                        <h3 itemprop=\"name\" class=\"latest_post_title entry_title\"><a itemprop=\"url\" href=\"https:\/\/www.eps-asds.ch\/de\/news-from-europe-nr-8-april-2024\/\">News from Europe Nr. 8 April 2024<\/a><\/h3>\n                    <p itemprop=\"description\" class=\"excerpt\">Herunterladen der Newsletter Nr. 8 Apr 2024.De...<\/p>\n                    <span class=\"post_infos\">\n\n                        \n                        \n                        \n\n                    <\/span>\n                <\/div>\n            <\/div>\n        <\/div>\n    <\/div>\n<\/li>\n        <li class=\"clearfix \">\n    <div class=\"latest_post\">\n        <div class=\"latest_post_image clearfix\">\n            <a itemprop=\"url\" href=\"https:\/\/www.eps-asds.ch\/de\/2023-1-zentraileuropa-das-magazin-der-subregion\/\">\n                                <img decoding=\"async\" itemprop=\"image\" src=\"https:\/\/www.eps-asds.ch\/wp-content\/uploads\/2020\/10\/ISGFSubregionTentraleuropa-1170x730-1-150x150.png\" alt=\"\" \/>\n            <\/a>\n        <\/div>\n        <div class=\"latest_post_text\">\n            <div class=\"latest_post_inner\">\n                <div class=\"latest_post_text_inner\">\n                                                                <span class=\"date_hour_holder\">\n                                <span itemprop=\"dateCreated\" class=\"date entry_date updated\">21.03.2023 <meta itemprop=\"interactionCount\" content=\"UserComments: 0\"\/><\/span>\n                            <\/span>\n                                        <h3 itemprop=\"name\" class=\"latest_post_title entry_title\"><a itemprop=\"url\" href=\"https:\/\/www.eps-asds.ch\/de\/2023-1-zentraileuropa-das-magazin-der-subregion\/\">2023-1 ZENTRAILEUROPA DAS MAGAZIN DER SUBREGION<\/a><\/h3>\n                    <p itemprop=\"description\" class=\"excerpt\">Magazin ZE-1-2023 herunterladen...<\/p>\n                    <span class=\"post_infos\">\n\n                        \n                        \n                        \n\n                    <\/span>\n                <\/div>\n            <\/div>\n        <\/div>\n    <\/div>\n<\/li>\n        <li class=\"clearfix \">\n    <div class=\"latest_post\">\n        <div class=\"latest_post_image clearfix\">\n            <a itemprop=\"url\" href=\"https:\/\/www.eps-asds.ch\/de\/wir-haben-einen-freund-verloren-max-nydegger-hausammann\/\">\n                                <img decoding=\"async\" itemprop=\"image\" src=\"https:\/\/www.eps-asds.ch\/wp-content\/uploads\/2020\/10\/ISGFSubregionTentraleuropa-1170x730-1-150x150.png\" alt=\"\" \/>\n            <\/a>\n        <\/div>\n        <div class=\"latest_post_text\">\n            <div class=\"latest_post_inner\">\n                <div class=\"latest_post_text_inner\">\n                                                                <span class=\"date_hour_holder\">\n                                <span itemprop=\"dateCreated\" class=\"date entry_date updated\">01.03.2023 <meta itemprop=\"interactionCount\" content=\"UserComments: 0\"\/><\/span>\n                            <\/span>\n                                        <h3 itemprop=\"name\" class=\"latest_post_title entry_title\"><a itemprop=\"url\" href=\"https:\/\/www.eps-asds.ch\/de\/wir-haben-einen-freund-verloren-max-nydegger-hausammann\/\">Wir haben einen Freund verloren: Max Nydegger-Hausammann<\/a><\/h3>\n                    <p itemprop=\"description\" class=\"excerpt\">Dokument herunterladen(DE) Nachruf Nidle[4][2]...<\/p>\n                    <span class=\"post_infos\">\n\n                        \n                        \n                        \n\n                    <\/span>\n                <\/div>\n            <\/div>\n        <\/div>\n    <\/div>\n<\/li>\n        <li class=\"clearfix \">\n    <div class=\"latest_post\">\n        <div class=\"latest_post_image clearfix\">\n            <a itemprop=\"url\" href=\"https:\/\/www.eps-asds.ch\/de\/2022-4-zentraileuropa-das-magazin-der-subregion\/\">\n                                <img decoding=\"async\" itemprop=\"image\" src=\"https:\/\/www.eps-asds.ch\/wp-content\/uploads\/2020\/10\/ISGFSubregionTentraleuropa-1170x730-1-150x150.png\" alt=\"\" \/>\n            <\/a>\n        <\/div>\n        <div class=\"latest_post_text\">\n            <div class=\"latest_post_inner\">\n                <div class=\"latest_post_text_inner\">\n                                                                <span class=\"date_hour_holder\">\n                                <span itemprop=\"dateCreated\" class=\"date entry_date updated\">08.12.2022 <meta itemprop=\"interactionCount\" content=\"UserComments: 0\"\/><\/span>\n                            <\/span>\n                                        <h3 itemprop=\"name\" class=\"latest_post_title entry_title\"><a itemprop=\"url\" href=\"https:\/\/www.eps-asds.ch\/de\/2022-4-zentraileuropa-das-magazin-der-subregion\/\">2022-4 ZENTRAILEUROPA DAS MAGAZIN DER SUBREGION<\/a><\/h3>\n                    <p itemprop=\"description\" class=\"excerpt\">Magazin 4-2022 herunterladen...<\/p>\n                    <span class=\"post_infos\">\n\n                        \n                        \n                        \n\n                    <\/span>\n                <\/div>\n            <\/div>\n        <\/div>\n    <\/div>\n<\/li>\n        <li class=\"clearfix \">\n    <div class=\"latest_post\">\n        <div class=\"latest_post_image clearfix\">\n            <a itemprop=\"url\" href=\"https:\/\/www.eps-asds.ch\/de\/tag-der-freundschaft-25-oktober-2022\/\">\n                                <img decoding=\"async\" itemprop=\"image\" src=\"https:\/\/www.eps-asds.ch\/wp-content\/uploads\/2022\/12\/Leny_01_Arial-150x150.jpg\" alt=\"\" \/>\n            <\/a>\n        <\/div>\n        <div class=\"latest_post_text\">\n            <div class=\"latest_post_inner\">\n                <div class=\"latest_post_text_inner\">\n                                                                <span class=\"date_hour_holder\">\n                                <span itemprop=\"dateCreated\" class=\"date entry_date updated\">03.12.2022 <meta itemprop=\"interactionCount\" content=\"UserComments: 0\"\/><\/span>\n                            <\/span>\n                                        <h3 itemprop=\"name\" class=\"latest_post_title entry_title\"><a itemprop=\"url\" href=\"https:\/\/www.eps-asds.ch\/de\/tag-der-freundschaft-25-oktober-2022\/\">Tag der Freundschaft &#8211; 25. Oktober 2022<\/a><\/h3>\n                    <p itemprop=\"description\" class=\"excerpt\">Freundschaft, die Bedeutung des Wortes ist Br\u00fcderlichkeit, zu etwas Wertvollem geh\u00f6ren, eine Gruppe von Menschen mit demselben Ziel und denselben Werten, eine Interessen-, Gef\u00fchls-, T\u00e4tigkeits- oder Erfahrungsgemeinschaft. Es ist m\u00f6glich, das m\u00e4chtige Wort FREUNDSCHAFT weiter zu definieren. Die AISG-Familie ist in Freundschaft vereint. Einige von uns waren schon in jungen Jahren bei den Pfadfindern und andere haben sich erst sp\u00e4ter in ihrem Leben dazu entschlossen, sich ihnen anzuschlie\u00dfen. Egal, wie es angefangen hat, wir haben uns alle daf\u00fcr entschieden, einer &#8222;Freundschaft&#8220; anzugeh\u00f6ren, sei sie nun gro\u00df oder klein. Wir alle geh\u00f6ren einer lokalen Gruppe mit engen Freunden an, und dann geh\u00f6ren diese lokalen Gilden in jedem Land einer Nationalen Pfadfinder- und F\u00fchrerfreundschaft (NPGF) an. Die ANSGs geh\u00f6ren zu einer Subregion und diese wiederum zu einer Region, die zusammen die Struktur der ISSA bilden. Es gibt ein Sprichwort, das besagt, dass keine Kette st\u00e4rker ist als ihr schw\u00e4chstes Glied. Deshalb m\u00fcssen......<\/p>\n                    <span class=\"post_infos\">\n\n                        \n                        \n                        \n\n                    <\/span>\n                <\/div>\n            <\/div>\n        <\/div>\n    <\/div>\n<\/li>\n        <li class=\"clearfix \">\n    <div class=\"latest_post\">\n        <div class=\"latest_post_image clearfix\">\n            <a itemprop=\"url\" href=\"https:\/\/www.eps-asds.ch\/de\/11-eme-conference-europeenne-2023\/\">\n                                <img decoding=\"async\" itemprop=\"image\" src=\"https:\/\/www.eps-asds.ch\/wp-content\/uploads\/2022\/11\/Logo-11-th-European-Conference-150x145.jpg\" alt=\"\" \/>\n            <\/a>\n        <\/div>\n        <div class=\"latest_post_text\">\n            <div class=\"latest_post_inner\">\n                <div class=\"latest_post_text_inner\">\n                                                                <span class=\"date_hour_holder\">\n                                <span itemprop=\"dateCreated\" class=\"date entry_date updated\">23.11.2022 <meta itemprop=\"interactionCount\" content=\"UserComments: 0\"\/><\/span>\n                            <\/span>\n                                        <h3 itemprop=\"name\" class=\"latest_post_title entry_title\"><a itemprop=\"url\" href=\"https:\/\/www.eps-asds.ch\/de\/11-eme-conference-europeenne-2023\/\">11 \u00e8me Conf\u00e9rence Europ\u00e9enne 2023<\/a><\/h3>\n                    <p itemprop=\"description\" class=\"excerpt\">Dans un peu plus d\u2019un an nous ouvrons les portes \u00e0 Ranum au Danemark pour la 11e Europ\u00e4ische Konferenz Die Registrierung ist offen! Nous vous invitons \u00e0 consulter le document pour plus d&#8217;informations voir le t\u00e9l\u00e9charger : EConf Bulletin 5-fr...<\/p>\n                    <span class=\"post_infos\">\n\n                        \n                        \n                        \n\n                    <\/span>\n                <\/div>\n            <\/div>\n        <\/div>\n    <\/div>\n<\/li>\n        <li class=\"clearfix \">\n    <div class=\"latest_post\">\n        <div class=\"latest_post_image clearfix\">\n            <a itemprop=\"url\" href=\"https:\/\/www.eps-asds.ch\/de\/informationen-ueber-das-weltkomitee\/\">\n                                <img decoding=\"async\" itemprop=\"image\" src=\"https:\/\/www.eps-asds.ch\/wp-content\/uploads\/2022\/07\/wc-logo1jpeg-150x150.jpg\" alt=\"\" \/>\n            <\/a>\n        <\/div>\n        <div class=\"latest_post_text\">\n            <div class=\"latest_post_inner\">\n                <div class=\"latest_post_text_inner\">\n                                                                <span class=\"date_hour_holder\">\n                                <span itemprop=\"dateCreated\" class=\"date entry_date updated\">12.07.2022 <meta itemprop=\"interactionCount\" content=\"UserComments: 0\"\/><\/span>\n                            <\/span>\n                                        <h3 itemprop=\"name\" class=\"latest_post_title entry_title\"><a itemprop=\"url\" href=\"https:\/\/www.eps-asds.ch\/de\/informationen-ueber-das-weltkomitee\/\">Informationen \u00fcber das Weltkomitee<\/a><\/h3>\n                    <p itemprop=\"description\" class=\"excerpt\">Das ISGF-Weltausschuss ist das Exekutivorgan der ISGF. Er ist f\u00fcr die Umsetzung der Resolutionen der ISGV-Weltkonferenz verantwortlich und handelt in deren Namen zwischen deren Sitzungen. Der ISAG-Weltausschuss tritt normalerweise einmal im Jahr zusammen. Das ISGV-Weltkomitee (wcom@isgf.org) setzt sich wie folgt zusammen: Stimmberechtigte Mitglieder : &#8211; Sechs gew\u00e4hlte Mitglieder, jedes aus einem anderen Land. Sie werden von der ISAG-Weltkonferenz in geheimer Wahl f\u00fcr eine Amtszeit von sechs Jahren gew\u00e4hlt. Die gew\u00e4hlten Mitglieder erf\u00fcllen ihr Mandat f\u00fcr eine Dauer von bis zu sechs Jahren. Mitglieder ohne Stimmrecht : . Die Vorsitzenden der ISAG-Regionalkomitees als Berater\/innen &#8211; Ein vom WAGGGS-Weltkomitee ernanntes Mitglied und ein vom WOSM-Weltkomitee ernanntes Mitglied Ex-officio-Mitglieder ohne Stimmrecht : &#8211; Generalsekret\u00e4rin &#8211; Schatzmeister und der Koordinator des Zentralzweiges, die vom ISGV-Weltausschuss ernannt werden Mitglieder des Weltkomitees 2022 &#8211; 2024 Von links nach rechts: Zalillah Modh Taib, Elin Richards (Vorsitzende), Mario Bertagnolio, Ana Rodrigues (stellvertretende Vorsitzende), Vanessa Hoogenbergen (stellvertretende Vorsitzende), Prosper......<\/p>\n                    <span class=\"post_infos\">\n\n                        \n                        \n                        \n\n                    <\/span>\n                <\/div>\n            <\/div>\n        <\/div>\n    <\/div>\n<\/li>\n        \n    <\/ul>\n<\/div>[\/vc_column][\/vc_row]<\/p>\n<\/div>","protected":false},"excerpt":{"rendered":"<p>[vc_row css_animation=&#8220;&#8220; row_type=&#8220;row&#8220; use_row_as_full_screen_section=&#8220;no&#8220; type=&#8220;grid&#8220; angled_section=&#8220;no&#8220; text_align=&#8220;left&#8220; background_image_as_pattern=&#8220;without_pattern&#8220; z_index=&#8220;&#8220;][vc_column][vc_empty_space height=&#8220;50px&#8220;][vc_column_text]Finden Sie hier die neusten Informationen der ISGF-AISG[\/vc_column_text][vc_empty_space height=&#8220;25px&#8220;][\/vc_column][\/vc_row]<\/p>\n","protected":false},"author":4,"featured_media":0,"parent":17239,"menu_order":2,"comment_status":"closed","ping_status":"closed","template":"","meta":{"inline_featured_image":false,"footnotes":""},"class_list":["post-17229","page","type-page","status-publish","hentry"],"_links":{"self":[{"href":"https:\/\/www.eps-asds.ch\/de\/wp-json\/wp\/v2\/pages\/17229","targetHints":{"allow":["GET"]}}],"collection":[{"href":"https:\/\/www.eps-asds.ch\/de\/wp-json\/wp\/v2\/pages"}],"about":[{"href":"https:\/\/www.eps-asds.ch\/de\/wp-json\/wp\/v2\/types\/page"}],"author":[{"embeddable":true,"href":"https:\/\/www.eps-asds.ch\/de\/wp-json\/wp\/v2\/users\/4"}],"replies":[{"embeddable":true,"href":"https:\/\/www.eps-asds.ch\/de\/wp-json\/wp\/v2\/comments?post=17229"}],"version-history":[{"count":3,"href":"https:\/\/www.eps-asds.ch\/de\/wp-json\/wp\/v2\/pages\/17229\/revisions"}],"predecessor-version":[{"id":17288,"href":"https:\/\/www.eps-asds.ch\/de\/wp-json\/wp\/v2\/pages\/17229\/revisions\/17288"}],"up":[{"embeddable":true,"href":"https:\/\/www.eps-asds.ch\/de\/wp-json\/wp\/v2\/pages\/17239"}],"wp:attachment":[{"href":"https:\/\/www.eps-asds.ch\/de\/wp-json\/wp\/v2\/media?parent=17229"}],"curies":[{"name":"wp","href":"https:\/\/api.w.org\/{rel}","templated":true}]}}